{"id":845,"date":"2025-09-16T05:22:45","date_gmt":"2025-09-16T05:22:45","guid":{"rendered":"https:\/\/www.comercialcecilio.es\/?page_id=845"},"modified":"2025-09-16T05:22:54","modified_gmt":"2025-09-16T05:22:54","slug":"aviso-legal","status":"publish","type":"page","link":"https:\/\/www.comercialcecilio.es\/pt\/aviso-legal\/","title":{"rendered":"Aviso legal"},"content":{"rendered":"<p>Informamos que os dados pessoais que podem estar contidos neste documento e que foram fornecidos por si foram inclu\u00eddos em ficheiros que ser\u00e3o tratados pela COMERCIAL CECILIO, S.A. - CARRETERA M-506 PINTO-FUENLABRADA KM 20'400 - FUENLABRADA (MADRID).<\/p>\n\n\n\n<p>A finalidade do tratamento \u00e9 a gest\u00e3o da rela\u00e7\u00e3o fiscal, contabil\u00edstica, administrativa, comercial e publicit\u00e1ria com os clientes, justificada no exerc\u00edcio da atividade de VENDA DE M\u00c1QUINAS DE MADEIRA.<br>Que para o cumprimento da finalidade, ou por imperativos legais, os seus dados pessoais podem ser transferidos ou comunicados a organismos e institui\u00e7\u00f5es p\u00fablicas, nos termos da lei, Consultoria Fiscal e Contabil\u00edstica.<\/p>\n\n\n\n<p>Os per\u00edodos de conserva\u00e7\u00e3o dos seus dados pessoais ser\u00e3o: os previstos na legisla\u00e7\u00e3o fiscal relativamente ao prazo de prescri\u00e7\u00e3o da responsabilidade.<\/p>\n\n\n\n<p>\u00c9 igualmente informado do direito de solicitar ao respons\u00e1vel pelo tratamento o acesso aos dados pessoais que lhe digam respeito e a sua retifica\u00e7\u00e3o ou apagamento, ou a limita\u00e7\u00e3o do seu tratamento, ou de se opor ao seu tratamento, bem como do direito \u00e0 portabilidade dos seus dados, e de apresentar uma queixa junto de uma autoridade de controlo.<\/p>\n\n\n\n<ul class=\"wp-block-list\">\n<li><a href=\"https:\/\/web.archive.org\/web\/20250428015457\/https:\/\/www.facebook.com\/maquinaria.cecilio\" target=\"_blank\" rel=\"noopener\">Facebook<\/a><\/li>\n\n\n\n<li><a href=\"https:\/\/web.archive.org\/web\/20250428015457\/https:\/\/www.youtube.com\/user\/ComercialCecilio\" target=\"_blank\" rel=\"noopener\">Youtube<\/a><\/li>\n\n\n\n<li><a href=\"https:\/\/web.archive.org\/web\/20250428015457\/https:\/\/www.linkedin.com\/company\/comercial-cecilio\/?originalSubdomain=es\" target=\"_blank\" rel=\"noopener\">Linkedin<\/a><\/li>\n<\/ul>\n\n\n\n<h2 class=\"wp-block-heading\" id=\"block-enlacesdeinteresfooter-menu\">M\u00e1quinas<\/h2>\n\n\n\n<ul class=\"wp-block-list\">\n<li><a href=\"https:\/\/web.archive.org\/web\/20250428015457\/https:\/\/www.comercialcecilio.es\/robland\">Robland<\/a><\/li>\n\n\n\n<li><a href=\"https:\/\/web.archive.org\/web\/20250428015457\/https:\/\/www.comercialcecilio.es\/kenbill\">Kenbill<\/a><\/li>\n\n\n\n<li><a href=\"https:\/\/web.archive.org\/web\/20250428015457\/https:\/\/www.comercialcecilio.es\/linnerman\">Linnerman<\/a><\/li>\n\n\n\n<li><a href=\"https:\/\/web.archive.org\/web\/20250428015457\/https:\/\/www.harnnett.es\/\" target=\"_blank\" rel=\"noopener\">Harnnett<\/a><\/li>\n\n\n\n<li><a href=\"https:\/\/web.archive.org\/web\/20250428015457\/https:\/\/www.comercialcecilio.es\/ocasion\">Ocasi\u00e3o<\/a><\/li>\n<\/ul>\n\n\n\n<h2 class=\"wp-block-heading\">Comercial Cecilio S.A.<\/h2>\n\n\n\n<ul class=\"wp-block-list\">\n<li>Estrada Pinto-Fuenlabrada<br>M-506 KM 20,400<br>28946 Fuenlabrada (Madrid)<\/li>\n\n\n\n<li><a href=\"https:\/\/web.archive.org\/web\/20250428015457\/tel:+34916975588\" target=\"_blank\" rel=\"noopener\">916 97 55 88<\/a><\/li>\n\n\n\n<li><a href=\"https:\/\/web.archive.org\/web\/20250428015457\/tel:+34916975788\" target=\"_blank\" rel=\"noopener\">916 97 57 88<\/a><\/li>\n\n\n\n<li><a href=\"https:\/\/web.archive.org\/web\/20250428015457\/mailto:maquinaria@comercialcecilio.es\">maquinaria@comercialcecilio.es<\/a><\/li>\n<\/ul>\n\n\n\n<h2 class=\"wp-block-heading\">Servi\u00e7o de assist\u00eancia t\u00e9cnica<\/h2>\n\n\n\n<ul class=\"wp-block-list\">\n<li><a href=\"https:\/\/web.archive.org\/web\/20250428015457\/tel:+34916975588\" target=\"_blank\" rel=\"noopener\">916 97 55 88<\/a><\/li>\n\n\n\n<li><a href=\"https:\/\/web.archive.org\/web\/20250428015457\/mailto:satcecilio@comercialcecilio.es\">satcecilio@comercialcecilio.es<\/a><\/li>\n<\/ul>","protected":false},"excerpt":{"rendered":"<p>Se informa que los datos personales que pudiera contener este documento y facilitados por Ud. han sido incorporados a ficheros para su tratamiento cuyo responsable es COMERCIAL CECILIO, S.A. \u2013 CARRETERA M-506 PINTO-FUENLABRADA KM 20\u2019400 \u2013 FUENLABRADA (MADRID). La finalidad del tratamiento es Gesti\u00f3n de la relaci\u00f3n fiscal, contable, administrativa, comercial y publicitaria con los [&hellip;]<\/p>\n","protected":false},"author":4,"featured_media":0,"parent":0,"menu_order":0,"comment_status":"closed","ping_status":"closed","template":"","meta":{"footnotes":""},"class_list":["post-845","page","type-page","status-publish","hentry"],"_links":{"self":[{"href":"https:\/\/www.comercialcecilio.es\/pt\/wp-json\/wp\/v2\/pages\/845","targetHints":{"allow":["GET"]}}],"collection":[{"href":"https:\/\/www.comercialcecilio.es\/pt\/wp-json\/wp\/v2\/pages"}],"about":[{"href":"https:\/\/www.comercialcecilio.es\/pt\/wp-json\/wp\/v2\/types\/page"}],"author":[{"embeddable":true,"href":"https:\/\/www.comercialcecilio.es\/pt\/wp-json\/wp\/v2\/users\/4"}],"replies":[{"embeddable":true,"href":"https:\/\/www.comercialcecilio.es\/pt\/wp-json\/wp\/v2\/comments?post=845"}],"version-history":[{"count":1,"href":"https:\/\/www.comercialcecilio.es\/pt\/wp-json\/wp\/v2\/pages\/845\/revisions"}],"predecessor-version":[{"id":846,"href":"https:\/\/www.comercialcecilio.es\/pt\/wp-json\/wp\/v2\/pages\/845\/revisions\/846"}],"wp:attachment":[{"href":"https:\/\/www.comercialcecilio.es\/pt\/wp-json\/wp\/v2\/media?parent=845"}],"curies":[{"name":"wp","href":"https:\/\/api.w.org\/{rel}","templated":true}]}}