{"id":847,"date":"2025-09-16T05:24:37","date_gmt":"2025-09-16T05:24:37","guid":{"rendered":"https:\/\/www.comercialcecilio.es\/?page_id=847"},"modified":"2025-09-16T05:24:47","modified_gmt":"2025-09-16T05:24:47","slug":"politica-de-privacidade","status":"publish","type":"page","link":"https:\/\/www.comercialcecilio.es\/pt\/politica-de-privacidade\/","title":{"rendered":"Pol\u00edtica de privacidade"},"content":{"rendered":"<h2 class=\"wp-block-heading\">Pol\u00edtica de prote\u00e7\u00e3o de dados pessoais<\/h2>\n\n\n\n<p>Em cumprimento do disposto no artigo 5 da Lei 15\/1999, de 13 de dezembro, de Prote\u00e7\u00e3o de Dados de Car\u00e1cter Pessoal, e na Lei 34\/2002, de 11 de julho, de Servi\u00e7os da Sociedade da Informa\u00e7\u00e3o e do Com\u00e9rcio Eletr\u00f3nico, a Comercial Cecilio S.A. informa que os dados pessoais fornecidos nos formul\u00e1rios electr\u00f3nicos de registo contidos neste site, bem como os dados a que a Comercial Cecilio S.A. acede como consequ\u00eancia da sua navega\u00e7\u00e3o, consulta, solicita\u00e7\u00e3o ou contrata\u00e7\u00e3o, ou de qualquer transa\u00e7\u00e3o ou opera\u00e7\u00e3o realizada a partir deste site, ser\u00e3o recolhidos num ficheiro que cumpre com os requisitos da legisla\u00e7\u00e3o vigente aplic\u00e1vel e cujo respons\u00e1vel \u00e9:<\/p>\n\n\n\n<p><strong>Titular<\/strong><\/p>\n\n\n\n<ul class=\"wp-block-list\">\n<li>Comercial Cecilio S.A.<\/li>\n\n\n\n<li>Ctra. Pinto-Fuenlabrada, Km. 20,400. Nave 5.<\/li>\n\n\n\n<li>28946 Fuenlabrada. Madrid. ESPANHA.<\/li>\n\n\n\n<li>Tel: +34 91 697 55 88<\/li>\n\n\n\n<li><a href=\"https:\/\/web.archive.org\/web\/20250717211046\/mailto:maquinaria@comercialcecilio.es\">maquinaria@comercialcecilio.es<\/a><\/li>\n\n\n\n<li>N.\u00ba IVA: A-78987980<\/li>\n<\/ul>\n\n\n\n<h3 class=\"wp-block-heading\">Objetivo<\/h3>\n\n\n\n<p>A finalidade da recolha e tratamento automatizado dos Dados Pessoais atrav\u00e9s dos formul\u00e1rios disponibilizados para o efeito neste s\u00edtio Web \u00e9 facilitar a presta\u00e7\u00e3o dos servi\u00e7os que a Comercial Cecilio S.A. disponibiliza atrav\u00e9s deste s\u00edtio Web, fornecer informa\u00e7\u00f5es sobre compras, actividades e produtos que possam ser do seu interesse, bem como a realiza\u00e7\u00e3o de diferentes ac\u00e7\u00f5es de marketing e publicidade dos servi\u00e7os, ofertas e vantagens oferecidas aos utilizadores.<\/p>\n\n\n\n<p>Os dados s\u00e3o utilizados para a manuten\u00e7\u00e3o da rela\u00e7\u00e3o estabelecida, na gest\u00e3o, administra\u00e7\u00e3o, presta\u00e7\u00e3o, amplia\u00e7\u00e3o e melhoria dos servi\u00e7os deste s\u00edtio Web e dos da KDT Ib\u00e9rica S.L., na adapta\u00e7\u00e3o dos servi\u00e7os \u00e0s prefer\u00eancias do cliente, na conce\u00e7\u00e3o de novos servi\u00e7os relacionados, no envio de actualiza\u00e7\u00f5es de servi\u00e7os, no envio de publicidade relativa aos servi\u00e7os e produtos oferecidos pela KDT Ib\u00e9rica S.L., atualmente e no futuro, incluindo tamb\u00e9m o envio de formul\u00e1rios de inqu\u00e9rito, aos quais o cliente n\u00e3o \u00e9 obrigado a responder.<\/p>\n\n\n\n<h3 class=\"wp-block-heading\">Veracidade dos dados<\/h3>\n\n\n\n<p>O utilizador garante a veracidade dos dados pessoais fornecidos ao Comercial Cecilio S.A. e responsabiliza-se pela comunica\u00e7\u00e3o de qualquer altera\u00e7\u00e3o dos mesmos.<\/p>\n\n\n\n<h3 class=\"wp-block-heading\">Consentimento do utilizador<\/h3>\n\n\n\n<p>O envio de dados pessoais, atrav\u00e9s da utiliza\u00e7\u00e3o dos formul\u00e1rios electr\u00f3nicos deste site ou, se for o caso, do envio de mensagens de correio eletr\u00f3nico solicitando informa\u00e7\u00f5es ou servi\u00e7os, implica o consentimento expresso do utilizador para o tratamento automatizado dos dados inclu\u00eddos, bem como para o envio de comunica\u00e7\u00f5es por meios electr\u00f3nicos ou outros, com informa\u00e7\u00f5es sobre as nossas actividades.<\/p>\n\n\n\n<p>Assim, o utilizador manifesta o seu consentimento expresso para que os seus Dados Pessoais sejam inclu\u00eddos no Ficheiro de Dados Pessoais e sejam objeto de tratamento automatizado por parte da Comercial Cecilio S.A. para as finalidades anteriormente mencionadas. De igual modo, o utilizador manifesta a sua aceita\u00e7\u00e3o e autoriza\u00e7\u00e3o para que a Comercial Cecilio S.A. ceda os Dados Pessoais, incluindo, se for caso disso, a transfer\u00eancia internacional dos mesmos, aos terceiros indicados na sec\u00e7\u00e3o Comunica\u00e7\u00f5es para as finalidades descritas na mesma.<\/p>\n\n\n\n<h3 class=\"wp-block-heading\">Direitos de acesso, retifica\u00e7\u00e3o, oposi\u00e7\u00e3o e anula\u00e7\u00e3o dos utilizadores.<\/h3>\n\n\n\n<p>Os utilizadores podem exercer os seus direitos de acesso, retifica\u00e7\u00e3o, oposi\u00e7\u00e3o e cancelamento do tratamento dos seus dados pessoais, de acordo com os termos e condi\u00e7\u00f5es estabelecidos na LOPD. O exerc\u00edcio destes direitos pode ser efectuado por escrito para:<\/p>\n\n\n\n<ul class=\"wp-block-list\">\n<li>Comercial Cecilio S.A.<\/li>\n\n\n\n<li>Ctra. Pinto-Fuenlabrada, Km. 20,400. Nave 5.<\/li>\n\n\n\n<li>28946 Fuenlabrada. Madrid. ESPANHA.<\/li>\n\n\n\n<li>Tel: +34 91 697 55 88<\/li>\n\n\n\n<li><a href=\"https:\/\/web.archive.org\/web\/20250717211046\/mailto:maquinaria@comercialcecilio.es\">maquinaria@comercialcecilio.es<\/a><\/li>\n<\/ul>\n\n\n\n<h3 class=\"wp-block-heading\">Comunica\u00e7\u00f5es<\/h3>\n\n\n\n<p>A Comercial Cecilio S.A. comunicar\u00e1 os Dados Pessoais necess\u00e1rios para a presta\u00e7\u00e3o dos Servi\u00e7os solicitados pelo utilizador ou para as finalidades de recolha de dados acima descritas.<\/p>\n\n\n\n<p>Em qualquer caso, \u00e9 garantida a confidencialidade e o tratamento seguro dos dados pessoais.<\/p>\n\n\n\n<h3 class=\"wp-block-heading\">Seguran\u00e7a<\/h3>\n\n\n\n<p>A Comercial Cecilio S.A. garante que adoptou as medidas de seguran\u00e7a adequadas nas suas instala\u00e7\u00f5es, sistemas e ficheiros, assim como o tratamento confidencial dos Dados Pessoais de acordo com a legisla\u00e7\u00e3o vigente aplic\u00e1vel e informa-o que implementou as medidas de seguran\u00e7a t\u00e9cnicas e organizativas necess\u00e1rias para garantir a seguran\u00e7a dos seus dados pessoais e evitar a sua altera\u00e7\u00e3o, perda e tratamento e\/ou acesso n\u00e3o autorizado, tendo em conta o estado da tecnologia, a natureza dos dados armazenados e os riscos a que est\u00e3o expostos, tanto pela a\u00e7\u00e3o humana como pelo meio f\u00edsico ou natural. Tudo isto, em conformidade com o disposto no artigo 9 da LOPD e no Real Decreto 994\/1999, de 11 de junho, pelo qual se aprova o Regulamento de Medidas de Seguran\u00e7a dos Ficheiros Automatizados que cont\u00eam Dados de Car\u00e1cter Pessoal e na Lei 34\/2002, de 11 de julho, LSSI. A Comercial Cecilio S.A. compromete-se a tratar de forma absolutamente confidencial os dados pessoais e o seu tratamento seguro nos movimentos internacionais e a utiliz\u00e1-los exclusivamente para os fins indicados.<\/p>\n\n\n\n<p>N\u00e3o obstante, o Comercial Cecilio S.A. comunicar\u00e1 \u00e0s autoridades p\u00fablicas competentes os Dados Pessoais e qualquer outra informa\u00e7\u00e3o em seu poder ou acess\u00edvel atrav\u00e9s dos seus sistemas e exigida de acordo com as disposi\u00e7\u00f5es legais e regulamentares aplic\u00e1veis ao caso.<\/p>\n\n\n\n<h3 class=\"wp-block-heading\">Newsletter e comunica\u00e7\u00f5es comerciais electr\u00f3nicas<\/h3>\n\n\n\n<p>O Comercial Cecilio S.A. coloca \u00e0 disposi\u00e7\u00e3o dos utilizadores que o tenham solicitado previamente atrav\u00e9s de formul\u00e1rios de subscri\u00e7\u00e3o habilitados para o efeito, o servi\u00e7o de envio de boletins peri\u00f3dicos nos quais se incluem not\u00edcias, actividades e informa\u00e7\u00f5es relacionadas com o Comercial Cecilio S.A. e os seus servi\u00e7os. O utilizador poder\u00e1 cancelar a sua subscri\u00e7\u00e3o ou modificar os dados de subscri\u00e7\u00e3o do referido boletim atrav\u00e9s do procedimento indicado nos mesmos.<\/p>\n\n\n\n<h3 class=\"wp-block-heading\">Informa\u00e7\u00f5es sobre a utiliza\u00e7\u00e3o de cookies<\/h3>\n\n\n\n<p>Este site utiliza cookies, pequenos ficheiros de dados que s\u00e3o gerados no computador do utilizador e que nos permitem obter as seguintes informa\u00e7\u00f5es: A data e hora da \u00faltima vez que o utilizador visitou o nosso website, os conte\u00fados que o utilizador escolheu na sua primeira visita ao nosso website, elementos de seguran\u00e7a envolvidos no controlo de acesso a \u00e1reas restritas. Estes cookies s\u00e3o utilizados para armazenar, entre outros dados, a encomenda, a sele\u00e7\u00e3o dos produtos escolhidos para compra no com\u00e9rcio eletr\u00f3nico, o seu hist\u00f3rico de compras, etc.<\/p>\n\n\n\n<p>Os cookies utilizados n\u00e3o podem ler dados do seu disco r\u00edgido nem ler ficheiros de cookies criados por outros fornecedores. Os cookies utilizados n\u00e3o s\u00e3o prejudiciais e servem apenas para facilitar os servi\u00e7os solicitados pelos utilizadores.<\/p>\n\n\n\n<p>O utilizador consente a utiliza\u00e7\u00e3o destes cookies com o \u00fanico objetivo de facilitar a navega\u00e7\u00e3o nas diferentes p\u00e1ginas deste s\u00edtio Web e para permitir compras ou outras fun\u00e7\u00f5es que os requeiram.<\/p>\n\n\n\n<p>Em qualquer caso, o utilizador pode recusar ou impedir a instala\u00e7\u00e3o destes cookies modificando as defini\u00e7\u00f5es do seu navegador. O facto de n\u00e3o os aceitar pode implicar a impossibilidade de utilizar algumas das funcionalidades oferecidas por estas p\u00e1ginas Web.<\/p>\n\n\n\n<h3 class=\"wp-block-heading\">Conflitos<\/h3>\n\n\n\n<p>Para qualquer controv\u00e9rsia ou conflito relacionado com este s\u00edtio Web, aplicar-se-\u00e1 a legisla\u00e7\u00e3o espanhola, sendo competentes para a resolu\u00e7\u00e3o de todos os conflitos derivados ou relacionados com este s\u00edtio Web os Tribunais da cidade de Madrid (Espanha).<\/p>\n\n\n\n<p>O acesso \u00e0s p\u00e1ginas Web deste s\u00edtio implica a aceita\u00e7\u00e3o de todas as condi\u00e7\u00f5es expressas na presente Pol\u00edtica de Privacidade.<\/p>\n\n\n\n<p>O Comercial Cecilio S.A. poder\u00e1 modificar, sem aviso pr\u00e9vio, a estrutura e o design do s\u00edtio Web, bem como alterar ou eliminar os servi\u00e7os, conte\u00fados e condi\u00e7\u00f5es de acesso e utiliza\u00e7\u00e3o deste s\u00edtio Web e adaptar a Pol\u00edtica de Privacidade \u00e0s altera\u00e7\u00f5es legislativas que possam ocorrer.<\/p>\n\n\n\n<figure class=\"wp-block-image\"><img decoding=\"async\" src=\"https:\/\/web.archive.org\/web\/20250717211046im_\/https:\/\/www.comercialcecilio.es\/sites\/default\/files\/inline-images\/logo-footer.png\" alt=\"Comercial Cecilio\"\/><\/figure>\n\n\n\n<ul class=\"wp-block-list\">\n<li><a href=\"https:\/\/web.archive.org\/web\/20250717211046\/https:\/\/www.facebook.com\/maquinaria.cecilio\" target=\"_blank\" rel=\"noopener\">Facebook<\/a><\/li>\n\n\n\n<li><a href=\"https:\/\/web.archive.org\/web\/20250717211046\/https:\/\/www.youtube.com\/user\/ComercialCecilio\" target=\"_blank\" rel=\"noopener\">Youtube<\/a><\/li>\n\n\n\n<li><a href=\"https:\/\/web.archive.org\/web\/20250717211046\/https:\/\/www.linkedin.com\/company\/comercial-cecilio\/?originalSubdomain=es\" target=\"_blank\" rel=\"noopener\">Linkedin<\/a><\/li>\n<\/ul>\n\n\n\n<h2 class=\"wp-block-heading\" id=\"block-enlacesdeinteresfooter-menu\">M\u00e1quinas<\/h2>\n\n\n\n<ul class=\"wp-block-list\">\n<li><a href=\"https:\/\/web.archive.org\/web\/20250717211046\/https:\/\/www.comercialcecilio.es\/robland\">Robland<\/a><\/li>\n\n\n\n<li><a href=\"https:\/\/web.archive.org\/web\/20250717211046\/https:\/\/www.comercialcecilio.es\/kenbill\">Kenbill<\/a><\/li>\n\n\n\n<li><a href=\"https:\/\/web.archive.org\/web\/20250717211046\/https:\/\/www.comercialcecilio.es\/linnerman\">Linnerman<\/a><\/li>\n\n\n\n<li><a href=\"https:\/\/web.archive.org\/web\/20250717211046\/https:\/\/www.harnnett.es\/\" target=\"_blank\" rel=\"noopener\">Harnnett<\/a><\/li>\n\n\n\n<li><a href=\"https:\/\/web.archive.org\/web\/20250717211046\/https:\/\/www.comercialcecilio.es\/ocasion\">Ocasi\u00e3o<\/a><\/li>\n<\/ul>\n\n\n\n<h2 class=\"wp-block-heading\">Comercial Cecilio S.A.<\/h2>\n\n\n\n<ul class=\"wp-block-list\">\n<li>Estrada Pinto-Fuenlabrada<br>M-506 KM 20,400<br>28946 Fuenlabrada (Madrid)<\/li>\n\n\n\n<li><a href=\"https:\/\/web.archive.org\/web\/20250717211046\/tel:+34916975588\" target=\"_blank\" rel=\"noopener\">916 97 55 88<\/a><\/li>\n\n\n\n<li><a href=\"https:\/\/web.archive.org\/web\/20250717211046\/mailto:maquinaria@comercialcecilio.es\">maquinaria@comercialcecilio.es<\/a><\/li>\n<\/ul>\n\n\n\n<h2 class=\"wp-block-heading\">Servi\u00e7o de assist\u00eancia t\u00e9cnica<\/h2>\n\n\n\n<ul class=\"wp-block-list\">\n<li><a href=\"https:\/\/web.archive.org\/web\/20250717211046\/tel:+34682441851\" target=\"_blank\" rel=\"noopener\">682 44 18 51<\/a><\/li>\n\n\n\n<li><a href=\"https:\/\/web.archive.org\/web\/20250717211046\/mailto:satcecilio@comercialcecilio.es\">satcecilio@comercialcecilio.es<\/a><\/li>\n<\/ul>","protected":false},"excerpt":{"rendered":"<p>Pol\u00edtica de Protecci\u00f3n de datos de Car\u00e1cter Personal En cumplimiento de lo dispuesto en el art\u00edculo 5 de la Ley Org\u00e1nica 15\/1999, de 13 de diciembre, de Protecci\u00f3n de Datos de Car\u00e1cter Personal, y Ley 34\/2002, de 11 de Julio, de Servicios de la Sociedad de la Informaci\u00f3n y de Comercio Electr\u00f3nico, Comercial Cecilio S.A. [&hellip;]<\/p>\n","protected":false},"author":4,"featured_media":0,"parent":0,"menu_order":0,"comment_status":"closed","ping_status":"closed","template":"","meta":{"footnotes":""},"class_list":["post-847","page","type-page","status-publish","hentry"],"_links":{"self":[{"href":"https:\/\/www.comercialcecilio.es\/pt\/wp-json\/wp\/v2\/pages\/847","targetHints":{"allow":["GET"]}}],"collection":[{"href":"https:\/\/www.comercialcecilio.es\/pt\/wp-json\/wp\/v2\/pages"}],"about":[{"href":"https:\/\/www.comercialcecilio.es\/pt\/wp-json\/wp\/v2\/types\/page"}],"author":[{"embeddable":true,"href":"https:\/\/www.comercialcecilio.es\/pt\/wp-json\/wp\/v2\/users\/4"}],"replies":[{"embeddable":true,"href":"https:\/\/www.comercialcecilio.es\/pt\/wp-json\/wp\/v2\/comments?post=847"}],"version-history":[{"count":1,"href":"https:\/\/www.comercialcecilio.es\/pt\/wp-json\/wp\/v2\/pages\/847\/revisions"}],"predecessor-version":[{"id":848,"href":"https:\/\/www.comercialcecilio.es\/pt\/wp-json\/wp\/v2\/pages\/847\/revisions\/848"}],"wp:attachment":[{"href":"https:\/\/www.comercialcecilio.es\/pt\/wp-json\/wp\/v2\/media?parent=847"}],"curies":[{"name":"wp","href":"https:\/\/api.w.org\/{rel}","templated":true}]}}